{"id":66,"date":"2023-06-02T11:04:24","date_gmt":"2023-06-02T11:04:24","guid":{"rendered":"https:\/\/franbalseirofotografia.com\/?page_id=66"},"modified":"2024-06-04T11:11:58","modified_gmt":"2024-06-04T11:11:58","slug":"autor","status":"publish","type":"page","link":"https:\/\/franbalseirofotografia.com\/index.php\/autor\/","title":{"rendered":"Autor"},"content":{"rendered":"<p>[et_pb_section fb_built=\u00bb1&#8243; _builder_version=\u00bb4.21.0&#8243; _module_preset=\u00bbdefault\u00bb global_colors_info=\u00bb{}\u00bb][et_pb_row column_structure=\u00bb2_3,1_3&#8243; _builder_version=\u00bb4.21.0&#8243; _module_preset=\u00bbdefault\u00bb width=\u00bb90%\u00bb max_width=\u00bb90%\u00bb global_colors_info=\u00bb{}\u00bb][et_pb_column type=\u00bb2_3&#8243; _builder_version=\u00bb4.21.0&#8243; _module_preset=\u00bbdefault\u00bb global_colors_info=\u00bb{}\u00bb][et_pb_text _builder_version=\u00bb4.21.0&#8243; _module_preset=\u00bbdefault\u00bb global_colors_info=\u00bb{}\u00bb]<\/p>\n<h2 class=\"gmail-p1\">Fran Balseiro<\/h2>\n<p>&nbsp;<\/p>\n<p><span style=\"font-size: medium; color: #666666;\">Nac\u00ed y resido en la ciudad de Viveiro ( Lugo ) Espa\u00f1a. Soy un fot\u00f3grafo autodidacta que utilizo la fotograf\u00eda como un medio de expresi\u00f3n.<\/span><\/p>\n<p><span style=\"font-size: medium; color: #666666;\">Desde muy joven siempre me interes\u00f3 la fotograf\u00eda, el cine y la m\u00fasica y si todo esto lo mezclo en mi cabeza es cuando doy rienda suelta a mi imaginaci\u00f3n, sin ninguna restricci\u00f3n ni normas establecidas, ofreciendo una mirada personal de lo que veo.<\/span><\/p>\n<p><span style=\"font-size: medium; color: #666666;\">Llevo tiempo dedic\u00e1ndome a la fotograf\u00eda de calle y documental buscando im\u00e1genes que puedan contar historias y trasmitir emoci\u00f3n.<\/span><\/p>\n<p><span style=\"font-size: medium; color: #666666;\">Cuando sales a la calle cada momento e instante es \u00fanico, es la emoci\u00f3n de salir y no saber con lo que te vas a encontrar.<\/span><\/p>\n<p><span style=\"font-size: medium; color: #666666;\">Mi trabajo ha sido publicado en medios impresos y digitales. Y ha sido expuesto tanto en exposiciones individuales como colectivas.<\/span><\/p>\n<p><span style=\"font-size: medium; color: #666666;\">Si quieres contactar conmigo lo puedes hacer en mi correo email\u00a0:<\/span><\/p>\n<div><a href=\"mailto:franbalseirofotografia@gmail.com\">franbalseirofotografia@gmail.com<\/a><\/div>\n<p>[\/et_pb_text][et_pb_text _builder_version=\u00bb4.21.2&#8243; _module_preset=\u00bbdefault\u00bb custom_padding=\u00bb3px|||||\u00bb hover_enabled=\u00bb0&#8243; global_colors_info=\u00bb{}\u00bb sticky_enabled=\u00bb0&#8243;]<\/p>\n<h3 style=\"text-align: center;\"><strong>PUBLICACIONES Y ENTREVISTAS<\/strong><\/h3>\n<p>&nbsp;<\/p>\n<h4>ENTREVISTA EN LA REVISTA 100ASA MAGAZINE<\/h4>\n<p><a href=\"https:\/\/100asa.com\/blog\/photography-asphotography-as-a-means-of-expression-in-the-vision-of-francisco-balseiro-a-means-of-expression-in-the-vision\/\">https:\/\/100asa.com\/blog\/photography-asphotography-as-a-means-of-expression-in-the-vision-of-francisco-balseiro-a-means-of-expression-in-the-vision\/<\/a><\/p>\n<h4>REPORTAJE EN LA REVISTA WOOFERMAGAZINE<\/h4>\n<p><a href=\"https:\/\/woofermagazine.com\/2023\/09\/19\/on-the-road\/\">https:\/\/woofermagazine.com\/2023\/09\/19\/on-the-road\/<\/a><\/p>\n<h4>REPORTAJE EN LA REVISTA PROGRESSIVE-ZINE N\u00ba 19<\/h4>\n<p><a href=\"https:\/\/www.progressive-street.com\/progressivezine\/2020\/9\/20\/progressivezine-19\">https:\/\/www.progressive-street.com\/progressivezine\/2020\/9\/20\/progressivezine-19<\/a><\/p>\n<h4>REPORTAJE Y PORTADA EN LA REVISTA PROGRESSIVE-ZINE N\u00ba 12<\/h4>\n<p><a href=\"https:\/\/www.progressive-street.com\/progressivezine\/2019\/9\/17\/progressivezine-12\">https:\/\/www.progressive-street.com\/progressivezine\/2019\/9\/17\/progressivezine-12<\/a><\/p>\n<h4>ENTREVISTA EN LA REVISTA FUJI X PASSI\u00d3N PHOTOGRAPHY MAGAZINE FEBRERO 20024<\/h4>\n<p><a href=\"https:\/\/www.fujixpassion.com\/2024\/06\/03\/a-personal-perspective-through-photography-interview-with-fran-balseiro\/\">https:\/\/www.fujixpassion.com\/2024\/06\/03\/a-personal-perspective-through-photography-interview-with-fran-balseiro\/<\/a>[\/et_pb_text][\/et_pb_column][et_pb_column type=\u00bb1_3&#8243; _builder_version=\u00bb4.21.0&#8243; _module_preset=\u00bbdefault\u00bb global_colors_info=\u00bb{}\u00bb][et_pb_image src=\u00bbhttps:\/\/franbalseirofotografia.com\/wp-content\/uploads\/2023\/07\/autor.jpg\u00bb title_text=\u00bbautor\u00bb _builder_version=\u00bb4.21.0&#8243; _module_preset=\u00bbdefault\u00bb custom_margin=\u00bb||0px||false|false\u00bb custom_padding=\u00bb||0px||false|false\u00bb global_colors_info=\u00bb{}\u00bb][\/et_pb_image][et_pb_text _builder_version=\u00bb4.21.0&#8243; _module_preset=\u00bbdefault\u00bb global_colors_info=\u00bb{}\u00bb]<\/p>\n<div><\/div>\n<div>Foto realizada y cedida por <span>\u00a9 Hemano Lobo<\/span><\/div>\n<p>[\/et_pb_text][\/et_pb_column][\/et_pb_row][\/et_pb_section]<\/p>\n","protected":false},"excerpt":{"rendered":"<p>Fran Balseiro &nbsp; Nac\u00ed y resido en la ciudad de Viveiro ( Lugo ) Espa\u00f1a. Soy un fot\u00f3grafo autodidacta que utilizo la fotograf\u00eda como un medio de expresi\u00f3n. Desde muy joven siempre me interes\u00f3 la fotograf\u00eda, el cine y la m\u00fasica y si todo esto lo mezclo en mi cabeza es cuando doy rienda suelta [&hellip;]<\/p>\n","protected":false},"author":1,"featured_media":0,"parent":0,"menu_order":0,"comment_status":"closed","ping_status":"closed","template":"","meta":{"_et_pb_use_builder":"on","_et_pb_old_content":"<!-- wp:divi\/placeholder \/-->","_et_gb_content_width":"","footnotes":""},"class_list":["post-66","page","type-page","status-publish","hentry"],"yoast_head":"<!-- This site is optimized with the Yoast SEO plugin v27.5 - https:\/\/yoast.com\/product\/yoast-seo-wordpress\/ -->\n<title>Autor - Fran Balseiro Fotograf\u00eda<\/title>\n<meta name=\"robots\" content=\"index, follow, max-snippet:-1, max-image-preview:large, max-video-preview:-1\" \/>\n<link rel=\"canonical\" href=\"https:\/\/franbalseirofotografia.com\/index.php\/autor\/\" \/>\n<meta property=\"og:locale\" content=\"es_ES\" \/>\n<meta property=\"og:type\" content=\"article\" \/>\n<meta property=\"og:title\" content=\"Autor - Fran Balseiro Fotograf\u00eda\" \/>\n<meta property=\"og:description\" content=\"Fran Balseiro &nbsp; Nac\u00ed y resido en la ciudad de Viveiro ( Lugo ) Espa\u00f1a. Soy un fot\u00f3grafo autodidacta que utilizo la fotograf\u00eda como un medio de expresi\u00f3n. Desde muy joven siempre me interes\u00f3 la fotograf\u00eda, el cine y la m\u00fasica y si todo esto lo mezclo en mi cabeza es cuando doy rienda suelta [&hellip;]\" \/>\n<meta property=\"og:url\" content=\"https:\/\/franbalseirofotografia.com\/index.php\/autor\/\" \/>\n<meta property=\"og:site_name\" content=\"Fran Balseiro Fotograf\u00eda\" \/>\n<meta property=\"article:publisher\" content=\"https:\/\/www.facebook.com\/franbalseiro.fotografia\" \/>\n<meta property=\"article:modified_time\" content=\"2024-06-04T11:11:58+00:00\" \/>\n<meta name=\"twitter:card\" content=\"summary_large_image\" \/>\n<meta name=\"twitter:label1\" content=\"Tiempo de lectura\" \/>\n\t<meta name=\"twitter:data1\" content=\"2 minutos\" \/>\n<script type=\"application\/ld+json\" class=\"yoast-schema-graph\">{\"@context\":\"https:\\\/\\\/schema.org\",\"@graph\":[{\"@type\":\"WebPage\",\"@id\":\"https:\\\/\\\/franbalseirofotografia.com\\\/index.php\\\/autor\\\/\",\"url\":\"https:\\\/\\\/franbalseirofotografia.com\\\/index.php\\\/autor\\\/\",\"name\":\"Autor - Fran Balseiro Fotograf\u00eda\",\"isPartOf\":{\"@id\":\"https:\\\/\\\/franbalseirofotografia.com\\\/#website\"},\"datePublished\":\"2023-06-02T11:04:24+00:00\",\"dateModified\":\"2024-06-04T11:11:58+00:00\",\"breadcrumb\":{\"@id\":\"https:\\\/\\\/franbalseirofotografia.com\\\/index.php\\\/autor\\\/#breadcrumb\"},\"inLanguage\":\"es\",\"potentialAction\":[{\"@type\":\"ReadAction\",\"target\":[\"https:\\\/\\\/franbalseirofotografia.com\\\/index.php\\\/autor\\\/\"]}]},{\"@type\":\"BreadcrumbList\",\"@id\":\"https:\\\/\\\/franbalseirofotografia.com\\\/index.php\\\/autor\\\/#breadcrumb\",\"itemListElement\":[{\"@type\":\"ListItem\",\"position\":1,\"name\":\"Portada\",\"item\":\"https:\\\/\\\/franbalseirofotografia.com\\\/\"},{\"@type\":\"ListItem\",\"position\":2,\"name\":\"Autor\"}]},{\"@type\":\"WebSite\",\"@id\":\"https:\\\/\\\/franbalseirofotografia.com\\\/#website\",\"url\":\"https:\\\/\\\/franbalseirofotografia.com\\\/\",\"name\":\"Fran Balseiro Fotograf\u00eda\",\"description\":\"Fotograf\u00eda\",\"publisher\":{\"@id\":\"https:\\\/\\\/franbalseirofotografia.com\\\/#\\\/schema\\\/person\\\/9b90e6bf9f2838b92d4057f41bc7e574\"},\"potentialAction\":[{\"@type\":\"SearchAction\",\"target\":{\"@type\":\"EntryPoint\",\"urlTemplate\":\"https:\\\/\\\/franbalseirofotografia.com\\\/?s={search_term_string}\"},\"query-input\":{\"@type\":\"PropertyValueSpecification\",\"valueRequired\":true,\"valueName\":\"search_term_string\"}}],\"inLanguage\":\"es\"},{\"@type\":[\"Person\",\"Organization\"],\"@id\":\"https:\\\/\\\/franbalseirofotografia.com\\\/#\\\/schema\\\/person\\\/9b90e6bf9f2838b92d4057f41bc7e574\",\"name\":\"Fran Balseiro\",\"image\":{\"@type\":\"ImageObject\",\"inLanguage\":\"es\",\"@id\":\"https:\\\/\\\/i0.wp.com\\\/franbalseirofotografia.com\\\/wp-content\\\/uploads\\\/2023\\\/06\\\/logo.png?fit=377%2C160&ssl=1\",\"url\":\"https:\\\/\\\/i0.wp.com\\\/franbalseirofotografia.com\\\/wp-content\\\/uploads\\\/2023\\\/06\\\/logo.png?fit=377%2C160&ssl=1\",\"contentUrl\":\"https:\\\/\\\/i0.wp.com\\\/franbalseirofotografia.com\\\/wp-content\\\/uploads\\\/2023\\\/06\\\/logo.png?fit=377%2C160&ssl=1\",\"width\":377,\"height\":160,\"caption\":\"Fran Balseiro\"},\"logo\":{\"@id\":\"https:\\\/\\\/i0.wp.com\\\/franbalseirofotografia.com\\\/wp-content\\\/uploads\\\/2023\\\/06\\\/logo.png?fit=377%2C160&ssl=1\"},\"sameAs\":[\"https:\\\/\\\/www.facebook.com\\\/franbalseiro.fotografia\"]}]}<\/script>\n<!-- \/ Yoast SEO plugin. -->","yoast_head_json":{"title":"Autor - Fran Balseiro Fotograf\u00eda","robots":{"index":"index","follow":"follow","max-snippet":"max-snippet:-1","max-image-preview":"max-image-preview:large","max-video-preview":"max-video-preview:-1"},"canonical":"https:\/\/franbalseirofotografia.com\/index.php\/autor\/","og_locale":"es_ES","og_type":"article","og_title":"Autor - Fran Balseiro Fotograf\u00eda","og_description":"Fran Balseiro &nbsp; Nac\u00ed y resido en la ciudad de Viveiro ( Lugo ) Espa\u00f1a. Soy un fot\u00f3grafo autodidacta que utilizo la fotograf\u00eda como un medio de expresi\u00f3n. Desde muy joven siempre me interes\u00f3 la fotograf\u00eda, el cine y la m\u00fasica y si todo esto lo mezclo en mi cabeza es cuando doy rienda suelta [&hellip;]","og_url":"https:\/\/franbalseirofotografia.com\/index.php\/autor\/","og_site_name":"Fran Balseiro Fotograf\u00eda","article_publisher":"https:\/\/www.facebook.com\/franbalseiro.fotografia","article_modified_time":"2024-06-04T11:11:58+00:00","twitter_card":"summary_large_image","twitter_misc":{"Tiempo de lectura":"2 minutos"},"schema":{"@context":"https:\/\/schema.org","@graph":[{"@type":"WebPage","@id":"https:\/\/franbalseirofotografia.com\/index.php\/autor\/","url":"https:\/\/franbalseirofotografia.com\/index.php\/autor\/","name":"Autor - Fran Balseiro Fotograf\u00eda","isPartOf":{"@id":"https:\/\/franbalseirofotografia.com\/#website"},"datePublished":"2023-06-02T11:04:24+00:00","dateModified":"2024-06-04T11:11:58+00:00","breadcrumb":{"@id":"https:\/\/franbalseirofotografia.com\/index.php\/autor\/#breadcrumb"},"inLanguage":"es","potentialAction":[{"@type":"ReadAction","target":["https:\/\/franbalseirofotografia.com\/index.php\/autor\/"]}]},{"@type":"BreadcrumbList","@id":"https:\/\/franbalseirofotografia.com\/index.php\/autor\/#breadcrumb","itemListElement":[{"@type":"ListItem","position":1,"name":"Portada","item":"https:\/\/franbalseirofotografia.com\/"},{"@type":"ListItem","position":2,"name":"Autor"}]},{"@type":"WebSite","@id":"https:\/\/franbalseirofotografia.com\/#website","url":"https:\/\/franbalseirofotografia.com\/","name":"Fran Balseiro Fotograf\u00eda","description":"Fotograf\u00eda","publisher":{"@id":"https:\/\/franbalseirofotografia.com\/#\/schema\/person\/9b90e6bf9f2838b92d4057f41bc7e574"},"potentialAction":[{"@type":"SearchAction","target":{"@type":"EntryPoint","urlTemplate":"https:\/\/franbalseirofotografia.com\/?s={search_term_string}"},"query-input":{"@type":"PropertyValueSpecification","valueRequired":true,"valueName":"search_term_string"}}],"inLanguage":"es"},{"@type":["Person","Organization"],"@id":"https:\/\/franbalseirofotografia.com\/#\/schema\/person\/9b90e6bf9f2838b92d4057f41bc7e574","name":"Fran Balseiro","image":{"@type":"ImageObject","inLanguage":"es","@id":"https:\/\/i0.wp.com\/franbalseirofotografia.com\/wp-content\/uploads\/2023\/06\/logo.png?fit=377%2C160&ssl=1","url":"https:\/\/i0.wp.com\/franbalseirofotografia.com\/wp-content\/uploads\/2023\/06\/logo.png?fit=377%2C160&ssl=1","contentUrl":"https:\/\/i0.wp.com\/franbalseirofotografia.com\/wp-content\/uploads\/2023\/06\/logo.png?fit=377%2C160&ssl=1","width":377,"height":160,"caption":"Fran Balseiro"},"logo":{"@id":"https:\/\/i0.wp.com\/franbalseirofotografia.com\/wp-content\/uploads\/2023\/06\/logo.png?fit=377%2C160&ssl=1"},"sameAs":["https:\/\/www.facebook.com\/franbalseiro.fotografia"]}]}},"jetpack_sharing_enabled":true,"_links":{"self":[{"href":"https:\/\/franbalseirofotografia.com\/index.php\/wp-json\/wp\/v2\/pages\/66","targetHints":{"allow":["GET"]}}],"collection":[{"href":"https:\/\/franbalseirofotografia.com\/index.php\/wp-json\/wp\/v2\/pages"}],"about":[{"href":"https:\/\/franbalseirofotografia.com\/index.php\/wp-json\/wp\/v2\/types\/page"}],"author":[{"embeddable":true,"href":"https:\/\/franbalseirofotografia.com\/index.php\/wp-json\/wp\/v2\/users\/1"}],"replies":[{"embeddable":true,"href":"https:\/\/franbalseirofotografia.com\/index.php\/wp-json\/wp\/v2\/comments?post=66"}],"version-history":[{"count":10,"href":"https:\/\/franbalseirofotografia.com\/index.php\/wp-json\/wp\/v2\/pages\/66\/revisions"}],"predecessor-version":[{"id":908,"href":"https:\/\/franbalseirofotografia.com\/index.php\/wp-json\/wp\/v2\/pages\/66\/revisions\/908"}],"wp:attachment":[{"href":"https:\/\/franbalseirofotografia.com\/index.php\/wp-json\/wp\/v2\/media?parent=66"}],"curies":[{"name":"wp","href":"https:\/\/api.w.org\/{rel}","templated":true}]}}